{"id":2698,"date":"2025-05-27T12:17:55","date_gmt":"2025-05-27T17:17:55","guid":{"rendered":"https:\/\/ligadefutboldelatlantico.com\/?page_id=2698"},"modified":"2025-06-11T09:41:45","modified_gmt":"2025-06-11T14:41:45","slug":"sub-17-masculino","status":"publish","type":"page","link":"https:\/\/ligadefutboldelatlantico.com\/index.php\/selecciones\/sub-17-masculino\/","title":{"rendered":"Sub 17 &#8211; Masculino"},"content":{"rendered":"\t\t<div data-elementor-type=\"wp-page\" data-elementor-id=\"2698\" class=\"elementor elementor-2698\" data-elementor-post-type=\"page\">\n\t\t\t\t\t\t<section class=\"elementor-section elementor-top-section elementor-element elementor-element-119d814 elementor-section-full_width elementor-section-height-min-height elementor-section-height-default elementor-section-items-middle\" data-id=\"119d814\" data-element_type=\"section\" data-e-type=\"section\" data-settings=\"{&quot;background_background&quot;:&quot;classic&quot;}\">\n\t\t\t\t\t\t<div class=\"elementor-container elementor-column-gap-default\">\n\t\t\t\t\t<div class=\"elementor-column elementor-col-100 elementor-top-column elementor-element elementor-element-e9d5b41\" data-id=\"e9d5b41\" data-element_type=\"column\" data-e-type=\"column\">\n\t\t\t<div class=\"elementor-widget-wrap elementor-element-populated\">\n\t\t\t\t\t\t<section class=\"elementor-section elementor-inner-section elementor-element elementor-element-41701cd elementor-section-boxed elementor-section-height-default elementor-section-height-default\" data-id=\"41701cd\" data-element_type=\"section\" data-e-type=\"section\">\n\t\t\t\t\t\t<div class=\"elementor-container elementor-column-gap-default\">\n\t\t\t\t\t<div class=\"elementor-column elementor-col-100 elementor-inner-column elementor-element elementor-element-9d64b83\" data-id=\"9d64b83\" data-element_type=\"column\" data-e-type=\"column\">\n\t\t\t<div class=\"elementor-widget-wrap elementor-element-populated\">\n\t\t\t\t\t\t<div class=\"elementor-element elementor-element-90b77ac elementor-widget elementor-widget-heading\" data-id=\"90b77ac\" data-element_type=\"widget\" data-e-type=\"widget\" data-widget_type=\"heading.default\">\n\t\t\t\t<div class=\"elementor-widget-container\">\n\t\t\t\t\t<h2 class=\"elementor-heading-title elementor-size-default\">SUB 17 MASCULINO<\/h2>\t\t\t\t<\/div>\n\t\t\t\t<\/div>\n\t\t\t\t\t<\/div>\n\t\t<\/div>\n\t\t\t\t\t<\/div>\n\t\t<\/section>\n\t\t\t\t\t<\/div>\n\t\t<\/div>\n\t\t\t\t\t<\/div>\n\t\t<\/section>\n\t\t<div class=\"elementor-element elementor-element-a8c3fa8 e-grid e-con-boxed e-con e-parent\" data-id=\"a8c3fa8\" data-element_type=\"container\" data-e-type=\"container\">\n\t\t\t\t\t<div class=\"e-con-inner\">\n\t\t<div class=\"elementor-element elementor-element-3675335 e-flex e-con-boxed e-con e-child\" data-id=\"3675335\" data-element_type=\"container\" data-e-type=\"container\">\n\t\t\t\t\t<div class=\"e-con-inner\">\n\t\t\t\t<div class=\"elementor-element elementor-element-179da96 elementor-widget elementor-widget-image\" data-id=\"179da96\" data-element_type=\"widget\" data-e-type=\"widget\" data-widget_type=\"image.default\">\n\t\t\t\t<div class=\"elementor-widget-container\">\n\t\t\t\t\t\t\t\t\t\t\t\t\t\t\t<img fetchpriority=\"high\" decoding=\"async\" width=\"751\" height=\"751\" src=\"https:\/\/ligadefutboldelatlantico.com\/wp-content\/uploads\/2025\/05\/IMG_0421-e1748362854949.jpg\" class=\"attachment-full size-full wp-image-2717\" alt=\"\" srcset=\"https:\/\/ligadefutboldelatlantico.com\/wp-content\/uploads\/2025\/05\/IMG_0421-e1748362854949.jpg 751w, https:\/\/ligadefutboldelatlantico.com\/wp-content\/uploads\/2025\/05\/IMG_0421-e1748362854949-300x300.jpg 300w, https:\/\/ligadefutboldelatlantico.com\/wp-content\/uploads\/2025\/05\/IMG_0421-e1748362854949-150x150.jpg 150w, https:\/\/ligadefutboldelatlantico.com\/wp-content\/uploads\/2025\/05\/IMG_0421-e1748362854949-600x600.jpg 600w, https:\/\/ligadefutboldelatlantico.com\/wp-content\/uploads\/2025\/05\/IMG_0421-e1748362854949-100x100.jpg 100w\" sizes=\"(max-width: 751px) 100vw, 751px\" \/>\t\t\t\t\t\t\t\t\t\t\t\t\t\t\t<\/div>\n\t\t\t\t<\/div>\n\t\t\t\t<div class=\"elementor-element elementor-element-69c9dc6 elementor-absolute elementor-widget elementor-widget-heading\" data-id=\"69c9dc6\" data-element_type=\"widget\" data-e-type=\"widget\" data-settings=\"{&quot;_position&quot;:&quot;absolute&quot;}\" data-widget_type=\"heading.default\">\n\t\t\t\t<div class=\"elementor-widget-container\">\n\t\t\t\t\t<h2 class=\"elementor-heading-title elementor-size-default\">Cuerpo T\u00e9cnico<\/h2>\t\t\t\t<\/div>\n\t\t\t\t<\/div>\n\t\t\t\t<div class=\"elementor-element elementor-element-aa9db31 elementor-widget elementor-widget-heading\" data-id=\"aa9db31\" data-element_type=\"widget\" data-e-type=\"widget\" data-widget_type=\"heading.default\">\n\t\t\t\t<div class=\"elementor-widget-container\">\n\t\t\t\t\t<h2 class=\"elementor-heading-title elementor-size-default\">Gean Torres<\/h2>\t\t\t\t<\/div>\n\t\t\t\t<\/div>\n\t\t\t\t\t<\/div>\n\t\t\t\t<\/div>\n\t\t<div class=\"elementor-element elementor-element-2794072 e-flex e-con-boxed e-con e-child\" data-id=\"2794072\" data-element_type=\"container\" data-e-type=\"container\">\n\t\t\t\t\t<div class=\"e-con-inner\">\n\t\t\t\t<div class=\"elementor-element elementor-element-152303f elementor-widget elementor-widget-image\" data-id=\"152303f\" data-element_type=\"widget\" data-e-type=\"widget\" data-widget_type=\"image.default\">\n\t\t\t\t<div class=\"elementor-widget-container\">\n\t\t\t\t\t\t\t\t\t\t\t\t\t\t\t<img decoding=\"async\" width=\"774\" height=\"774\" src=\"https:\/\/ligadefutboldelatlantico.com\/wp-content\/uploads\/2025\/05\/IMG_0420-e1748362892196.jpg\" class=\"attachment-full size-full wp-image-2718\" alt=\"\" srcset=\"https:\/\/ligadefutboldelatlantico.com\/wp-content\/uploads\/2025\/05\/IMG_0420-e1748362892196.jpg 774w, https:\/\/ligadefutboldelatlantico.com\/wp-content\/uploads\/2025\/05\/IMG_0420-e1748362892196-300x300.jpg 300w, https:\/\/ligadefutboldelatlantico.com\/wp-content\/uploads\/2025\/05\/IMG_0420-e1748362892196-150x150.jpg 150w, https:\/\/ligadefutboldelatlantico.com\/wp-content\/uploads\/2025\/05\/IMG_0420-e1748362892196-768x768.jpg 768w, https:\/\/ligadefutboldelatlantico.com\/wp-content\/uploads\/2025\/05\/IMG_0420-e1748362892196-600x600.jpg 600w, https:\/\/ligadefutboldelatlantico.com\/wp-content\/uploads\/2025\/05\/IMG_0420-e1748362892196-100x100.jpg 100w\" sizes=\"(max-width: 774px) 100vw, 774px\" \/>\t\t\t\t\t\t\t\t\t\t\t\t\t\t\t<\/div>\n\t\t\t\t<\/div>\n\t\t\t\t<div class=\"elementor-element elementor-element-b0c72b7 elementor-absolute elementor-widget elementor-widget-heading\" data-id=\"b0c72b7\" data-element_type=\"widget\" data-e-type=\"widget\" data-settings=\"{&quot;_position&quot;:&quot;absolute&quot;}\" data-widget_type=\"heading.default\">\n\t\t\t\t<div class=\"elementor-widget-container\">\n\t\t\t\t\t<h2 class=\"elementor-heading-title elementor-size-default\">Cuerpo T\u00e9cnico<\/h2>\t\t\t\t<\/div>\n\t\t\t\t<\/div>\n\t\t\t\t<div class=\"elementor-element elementor-element-6a23c93 elementor-widget elementor-widget-heading\" data-id=\"6a23c93\" data-element_type=\"widget\" data-e-type=\"widget\" data-widget_type=\"heading.default\">\n\t\t\t\t<div class=\"elementor-widget-container\">\n\t\t\t\t\t<h2 class=\"elementor-heading-title elementor-size-default\">Guiolith Venegas<\/h2>\t\t\t\t<\/div>\n\t\t\t\t<\/div>\n\t\t\t\t\t<\/div>\n\t\t\t\t<\/div>\n\t\t<div class=\"elementor-element elementor-element-fae800c e-flex e-con-boxed e-con e-child\" data-id=\"fae800c\" data-element_type=\"container\" data-e-type=\"container\">\n\t\t\t\t\t<div class=\"e-con-inner\">\n\t\t\t\t<div class=\"elementor-element elementor-element-cc07023 elementor-widget elementor-widget-image\" data-id=\"cc07023\" data-element_type=\"widget\" data-e-type=\"widget\" data-widget_type=\"image.default\">\n\t\t\t\t<div class=\"elementor-widget-container\">\n\t\t\t\t\t\t\t\t\t\t\t\t\t\t\t<img decoding=\"async\" width=\"786\" height=\"786\" src=\"https:\/\/ligadefutboldelatlantico.com\/wp-content\/uploads\/2025\/05\/IMG_0418-1-e1748363022964.jpg\" class=\"attachment-full size-full wp-image-2720\" alt=\"\" srcset=\"https:\/\/ligadefutboldelatlantico.com\/wp-content\/uploads\/2025\/05\/IMG_0418-1-e1748363022964.jpg 786w, https:\/\/ligadefutboldelatlantico.com\/wp-content\/uploads\/2025\/05\/IMG_0418-1-e1748363022964-300x300.jpg 300w, https:\/\/ligadefutboldelatlantico.com\/wp-content\/uploads\/2025\/05\/IMG_0418-1-e1748363022964-150x150.jpg 150w, https:\/\/ligadefutboldelatlantico.com\/wp-content\/uploads\/2025\/05\/IMG_0418-1-e1748363022964-768x768.jpg 768w, https:\/\/ligadefutboldelatlantico.com\/wp-content\/uploads\/2025\/05\/IMG_0418-1-e1748363022964-600x600.jpg 600w, https:\/\/ligadefutboldelatlantico.com\/wp-content\/uploads\/2025\/05\/IMG_0418-1-e1748363022964-100x100.jpg 100w\" sizes=\"(max-width: 786px) 100vw, 786px\" \/>\t\t\t\t\t\t\t\t\t\t\t\t\t\t\t<\/div>\n\t\t\t\t<\/div>\n\t\t\t\t<div class=\"elementor-element elementor-element-2c1e7c0 elementor-absolute elementor-widget elementor-widget-heading\" data-id=\"2c1e7c0\" data-element_type=\"widget\" data-e-type=\"widget\" data-settings=\"{&quot;_position&quot;:&quot;absolute&quot;}\" data-widget_type=\"heading.default\">\n\t\t\t\t<div class=\"elementor-widget-container\">\n\t\t\t\t\t<h2 class=\"elementor-heading-title elementor-size-default\">Cuerpo T\u00e9cnico<\/h2>\t\t\t\t<\/div>\n\t\t\t\t<\/div>\n\t\t\t\t<div class=\"elementor-element elementor-element-ef12150 elementor-widget elementor-widget-heading\" data-id=\"ef12150\" data-element_type=\"widget\" data-e-type=\"widget\" data-widget_type=\"heading.default\">\n\t\t\t\t<div class=\"elementor-widget-container\">\n\t\t\t\t\t<h2 class=\"elementor-heading-title elementor-size-default\">Fredy Acu\u00f1a<\/h2>\t\t\t\t<\/div>\n\t\t\t\t<\/div>\n\t\t\t\t\t<\/div>\n\t\t\t\t<\/div>\n\t\t<div class=\"elementor-element elementor-element-38934ea e-flex e-con-boxed e-con e-child\" data-id=\"38934ea\" data-element_type=\"container\" data-e-type=\"container\">\n\t\t\t\t\t<div class=\"e-con-inner\">\n\t\t\t\t<div class=\"elementor-element elementor-element-74df333 elementor-widget elementor-widget-image\" data-id=\"74df333\" data-element_type=\"widget\" data-e-type=\"widget\" data-widget_type=\"image.default\">\n\t\t\t\t<div class=\"elementor-widget-container\">\n\t\t\t\t\t\t\t\t\t\t\t\t\t\t\t<img loading=\"lazy\" decoding=\"async\" width=\"732\" height=\"732\" src=\"https:\/\/ligadefutboldelatlantico.com\/wp-content\/uploads\/2025\/05\/IMG_0419-e1748363195879.jpg\" class=\"attachment-full size-full wp-image-2721\" alt=\"\" srcset=\"https:\/\/ligadefutboldelatlantico.com\/wp-content\/uploads\/2025\/05\/IMG_0419-e1748363195879.jpg 732w, https:\/\/ligadefutboldelatlantico.com\/wp-content\/uploads\/2025\/05\/IMG_0419-e1748363195879-300x300.jpg 300w, https:\/\/ligadefutboldelatlantico.com\/wp-content\/uploads\/2025\/05\/IMG_0419-e1748363195879-150x150.jpg 150w, https:\/\/ligadefutboldelatlantico.com\/wp-content\/uploads\/2025\/05\/IMG_0419-e1748363195879-600x600.jpg 600w, https:\/\/ligadefutboldelatlantico.com\/wp-content\/uploads\/2025\/05\/IMG_0419-e1748363195879-100x100.jpg 100w\" sizes=\"(max-width: 732px) 100vw, 732px\" \/>\t\t\t\t\t\t\t\t\t\t\t\t\t\t\t<\/div>\n\t\t\t\t<\/div>\n\t\t\t\t<div class=\"elementor-element elementor-element-96a6cbc elementor-absolute elementor-widget elementor-widget-heading\" data-id=\"96a6cbc\" data-element_type=\"widget\" data-e-type=\"widget\" data-settings=\"{&quot;_position&quot;:&quot;absolute&quot;}\" data-widget_type=\"heading.default\">\n\t\t\t\t<div class=\"elementor-widget-container\">\n\t\t\t\t\t<h2 class=\"elementor-heading-title elementor-size-default\">Cuerpo T\u00e9cnico<\/h2>\t\t\t\t<\/div>\n\t\t\t\t<\/div>\n\t\t\t\t<div class=\"elementor-element elementor-element-67565d2 elementor-widget elementor-widget-heading\" data-id=\"67565d2\" data-element_type=\"widget\" data-e-type=\"widget\" data-widget_type=\"heading.default\">\n\t\t\t\t<div class=\"elementor-widget-container\">\n\t\t\t\t\t<h2 class=\"elementor-heading-title elementor-size-default\">Pedro Cantillo<\/h2>\t\t\t\t<\/div>\n\t\t\t\t<\/div>\n\t\t\t\t\t<\/div>\n\t\t\t\t<\/div>\n\t\t<div class=\"elementor-element elementor-element-fda3695 e-flex e-con-boxed e-con e-child\" data-id=\"fda3695\" data-element_type=\"container\" data-e-type=\"container\">\n\t\t\t\t\t<div class=\"e-con-inner\">\n\t\t\t\t<div class=\"elementor-element elementor-element-923a57e elementor-widget elementor-widget-image\" data-id=\"923a57e\" data-element_type=\"widget\" data-e-type=\"widget\" data-widget_type=\"image.default\">\n\t\t\t\t<div class=\"elementor-widget-container\">\n\t\t\t\t\t\t\t\t\t\t\t\t\t\t\t<img loading=\"lazy\" decoding=\"async\" width=\"789\" height=\"789\" src=\"https:\/\/ligadefutboldelatlantico.com\/wp-content\/uploads\/2025\/04\/Jorge-Obregon-e1749765493349.jpg\" class=\"attachment-full size-full wp-image-2555\" alt=\"\" srcset=\"https:\/\/ligadefutboldelatlantico.com\/wp-content\/uploads\/2025\/04\/Jorge-Obregon-e1749765493349.jpg 789w, https:\/\/ligadefutboldelatlantico.com\/wp-content\/uploads\/2025\/04\/Jorge-Obregon-e1749765493349-300x300.jpg 300w, https:\/\/ligadefutboldelatlantico.com\/wp-content\/uploads\/2025\/04\/Jorge-Obregon-e1749765493349-150x150.jpg 150w, https:\/\/ligadefutboldelatlantico.com\/wp-content\/uploads\/2025\/04\/Jorge-Obregon-e1749765493349-768x768.jpg 768w, https:\/\/ligadefutboldelatlantico.com\/wp-content\/uploads\/2025\/04\/Jorge-Obregon-e1749765493349-600x600.jpg 600w, https:\/\/ligadefutboldelatlantico.com\/wp-content\/uploads\/2025\/04\/Jorge-Obregon-e1749765493349-100x100.jpg 100w\" sizes=\"(max-width: 789px) 100vw, 789px\" \/>\t\t\t\t\t\t\t\t\t\t\t\t\t\t\t<\/div>\n\t\t\t\t<\/div>\n\t\t\t\t<div class=\"elementor-element elementor-element-8ec2c10 elementor-absolute elementor-widget elementor-widget-heading\" data-id=\"8ec2c10\" data-element_type=\"widget\" data-e-type=\"widget\" data-settings=\"{&quot;_position&quot;:&quot;absolute&quot;}\" data-widget_type=\"heading.default\">\n\t\t\t\t<div class=\"elementor-widget-container\">\n\t\t\t\t\t<h2 class=\"elementor-heading-title elementor-size-default\">Cuerpo T\u00e9cnico<\/h2>\t\t\t\t<\/div>\n\t\t\t\t<\/div>\n\t\t\t\t<div class=\"elementor-element elementor-element-fc0515a elementor-widget elementor-widget-heading\" data-id=\"fc0515a\" data-element_type=\"widget\" data-e-type=\"widget\" data-widget_type=\"heading.default\">\n\t\t\t\t<div class=\"elementor-widget-container\">\n\t\t\t\t\t<h2 class=\"elementor-heading-title elementor-size-default\">Jorge Obreg\u00f3n<\/h2>\t\t\t\t<\/div>\n\t\t\t\t<\/div>\n\t\t\t\t\t<\/div>\n\t\t\t\t<\/div>\n\t\t<div class=\"elementor-element elementor-element-73ef4e2 e-flex e-con-boxed e-con e-child\" data-id=\"73ef4e2\" data-element_type=\"container\" data-e-type=\"container\">\n\t\t\t\t\t<div class=\"e-con-inner\">\n\t\t\t\t<div class=\"elementor-element elementor-element-7fb8c40 elementor-widget elementor-widget-image\" data-id=\"7fb8c40\" data-element_type=\"widget\" data-e-type=\"widget\" data-widget_type=\"image.default\">\n\t\t\t\t<div class=\"elementor-widget-container\">\n\t\t\t\t\t\t\t\t\t\t\t\t\t\t\t<img loading=\"lazy\" decoding=\"async\" width=\"814\" height=\"814\" src=\"https:\/\/ligadefutboldelatlantico.com\/wp-content\/uploads\/2025\/05\/Sebastian-Pertuz--e1748365601590.jpg\" class=\"attachment-full size-full wp-image-2722\" alt=\"\" srcset=\"https:\/\/ligadefutboldelatlantico.com\/wp-content\/uploads\/2025\/05\/Sebastian-Pertuz--e1748365601590.jpg 814w, https:\/\/ligadefutboldelatlantico.com\/wp-content\/uploads\/2025\/05\/Sebastian-Pertuz--e1748365601590-300x300.jpg 300w, https:\/\/ligadefutboldelatlantico.com\/wp-content\/uploads\/2025\/05\/Sebastian-Pertuz--e1748365601590-150x150.jpg 150w, https:\/\/ligadefutboldelatlantico.com\/wp-content\/uploads\/2025\/05\/Sebastian-Pertuz--e1748365601590-768x768.jpg 768w, https:\/\/ligadefutboldelatlantico.com\/wp-content\/uploads\/2025\/05\/Sebastian-Pertuz--e1748365601590-600x600.jpg 600w, https:\/\/ligadefutboldelatlantico.com\/wp-content\/uploads\/2025\/05\/Sebastian-Pertuz--e1748365601590-100x100.jpg 100w\" sizes=\"(max-width: 814px) 100vw, 814px\" \/>\t\t\t\t\t\t\t\t\t\t\t\t\t\t\t<\/div>\n\t\t\t\t<\/div>\n\t\t\t\t<div class=\"elementor-element elementor-element-6cb66f4 elementor-absolute elementor-widget elementor-widget-heading\" data-id=\"6cb66f4\" data-element_type=\"widget\" data-e-type=\"widget\" data-settings=\"{&quot;_position&quot;:&quot;absolute&quot;}\" data-widget_type=\"heading.default\">\n\t\t\t\t<div class=\"elementor-widget-container\">\n\t\t\t\t\t<h2 class=\"elementor-heading-title elementor-size-default\">Jugador<\/h2>\t\t\t\t<\/div>\n\t\t\t\t<\/div>\n\t\t\t\t<div class=\"elementor-element elementor-element-e9be3b7 elementor-widget elementor-widget-heading\" data-id=\"e9be3b7\" data-element_type=\"widget\" data-e-type=\"widget\" data-widget_type=\"heading.default\">\n\t\t\t\t<div class=\"elementor-widget-container\">\n\t\t\t\t\t<h2 class=\"elementor-heading-title elementor-size-default\">Jorge Pertuz<\/h2>\t\t\t\t<\/div>\n\t\t\t\t<\/div>\n\t\t\t\t\t<\/div>\n\t\t\t\t<\/div>\n\t\t<div class=\"elementor-element elementor-element-90d0e1d e-flex e-con-boxed e-con e-child\" data-id=\"90d0e1d\" data-element_type=\"container\" data-e-type=\"container\">\n\t\t\t\t\t<div class=\"e-con-inner\">\n\t\t\t\t<div class=\"elementor-element elementor-element-b40a3b1 elementor-widget elementor-widget-image\" data-id=\"b40a3b1\" data-element_type=\"widget\" data-e-type=\"widget\" data-widget_type=\"image.default\">\n\t\t\t\t<div class=\"elementor-widget-container\">\n\t\t\t\t\t\t\t\t\t\t\t\t\t\t\t<img loading=\"lazy\" decoding=\"async\" width=\"788\" height=\"788\" src=\"https:\/\/ligadefutboldelatlantico.com\/wp-content\/uploads\/2025\/05\/Sebastian-Martinez--e1748365681352.jpg\" class=\"attachment-full size-full wp-image-2723\" alt=\"\" srcset=\"https:\/\/ligadefutboldelatlantico.com\/wp-content\/uploads\/2025\/05\/Sebastian-Martinez--e1748365681352.jpg 788w, https:\/\/ligadefutboldelatlantico.com\/wp-content\/uploads\/2025\/05\/Sebastian-Martinez--e1748365681352-300x300.jpg 300w, https:\/\/ligadefutboldelatlantico.com\/wp-content\/uploads\/2025\/05\/Sebastian-Martinez--e1748365681352-150x150.jpg 150w, https:\/\/ligadefutboldelatlantico.com\/wp-content\/uploads\/2025\/05\/Sebastian-Martinez--e1748365681352-768x768.jpg 768w, https:\/\/ligadefutboldelatlantico.com\/wp-content\/uploads\/2025\/05\/Sebastian-Martinez--e1748365681352-600x600.jpg 600w, https:\/\/ligadefutboldelatlantico.com\/wp-content\/uploads\/2025\/05\/Sebastian-Martinez--e1748365681352-100x100.jpg 100w\" sizes=\"(max-width: 788px) 100vw, 788px\" \/>\t\t\t\t\t\t\t\t\t\t\t\t\t\t\t<\/div>\n\t\t\t\t<\/div>\n\t\t\t\t<div class=\"elementor-element elementor-element-352537c elementor-absolute elementor-widget elementor-widget-heading\" data-id=\"352537c\" data-element_type=\"widget\" data-e-type=\"widget\" data-settings=\"{&quot;_position&quot;:&quot;absolute&quot;}\" data-widget_type=\"heading.default\">\n\t\t\t\t<div class=\"elementor-widget-container\">\n\t\t\t\t\t<h2 class=\"elementor-heading-title elementor-size-default\">Cuerpo Tecnico<\/h2>\t\t\t\t<\/div>\n\t\t\t\t<\/div>\n\t\t\t\t<div class=\"elementor-element elementor-element-5a9f87b elementor-widget elementor-widget-heading\" data-id=\"5a9f87b\" data-element_type=\"widget\" data-e-type=\"widget\" data-widget_type=\"heading.default\">\n\t\t\t\t<div class=\"elementor-widget-container\">\n\t\t\t\t\t<h2 class=\"elementor-heading-title elementor-size-default\">Sebastian Martinez<\/h2>\t\t\t\t<\/div>\n\t\t\t\t<\/div>\n\t\t\t\t\t<\/div>\n\t\t\t\t<\/div>\n\t\t<div class=\"elementor-element elementor-element-0fd9e7e e-flex e-con-boxed e-con e-child\" data-id=\"0fd9e7e\" data-element_type=\"container\" data-e-type=\"container\">\n\t\t\t\t\t<div class=\"e-con-inner\">\n\t\t\t\t<div class=\"elementor-element elementor-element-cf2f4fe elementor-widget elementor-widget-image\" data-id=\"cf2f4fe\" data-element_type=\"widget\" data-e-type=\"widget\" data-widget_type=\"image.default\">\n\t\t\t\t<div class=\"elementor-widget-container\">\n\t\t\t\t\t\t\t\t\t\t\t\t\t\t\t<img loading=\"lazy\" decoding=\"async\" width=\"798\" height=\"798\" src=\"https:\/\/ligadefutboldelatlantico.com\/wp-content\/uploads\/2025\/05\/Santiago-Castro--e1748365772373.jpg\" class=\"attachment-full size-full wp-image-2724\" alt=\"\" srcset=\"https:\/\/ligadefutboldelatlantico.com\/wp-content\/uploads\/2025\/05\/Santiago-Castro--e1748365772373.jpg 798w, https:\/\/ligadefutboldelatlantico.com\/wp-content\/uploads\/2025\/05\/Santiago-Castro--e1748365772373-300x300.jpg 300w, https:\/\/ligadefutboldelatlantico.com\/wp-content\/uploads\/2025\/05\/Santiago-Castro--e1748365772373-150x150.jpg 150w, https:\/\/ligadefutboldelatlantico.com\/wp-content\/uploads\/2025\/05\/Santiago-Castro--e1748365772373-768x768.jpg 768w, https:\/\/ligadefutboldelatlantico.com\/wp-content\/uploads\/2025\/05\/Santiago-Castro--e1748365772373-600x600.jpg 600w, https:\/\/ligadefutboldelatlantico.com\/wp-content\/uploads\/2025\/05\/Santiago-Castro--e1748365772373-100x100.jpg 100w\" sizes=\"(max-width: 798px) 100vw, 798px\" \/>\t\t\t\t\t\t\t\t\t\t\t\t\t\t\t<\/div>\n\t\t\t\t<\/div>\n\t\t\t\t<div class=\"elementor-element elementor-element-45abbc3 elementor-absolute elementor-widget elementor-widget-heading\" data-id=\"45abbc3\" data-element_type=\"widget\" data-e-type=\"widget\" data-settings=\"{&quot;_position&quot;:&quot;absolute&quot;}\" data-widget_type=\"heading.default\">\n\t\t\t\t<div class=\"elementor-widget-container\">\n\t\t\t\t\t<h2 class=\"elementor-heading-title elementor-size-default\">Jugador<\/h2>\t\t\t\t<\/div>\n\t\t\t\t<\/div>\n\t\t\t\t<div class=\"elementor-element elementor-element-42c37da elementor-widget elementor-widget-heading\" data-id=\"42c37da\" data-element_type=\"widget\" data-e-type=\"widget\" data-widget_type=\"heading.default\">\n\t\t\t\t<div class=\"elementor-widget-container\">\n\t\t\t\t\t<h2 class=\"elementor-heading-title elementor-size-default\">Santiago Castro<\/h2>\t\t\t\t<\/div>\n\t\t\t\t<\/div>\n\t\t\t\t\t<\/div>\n\t\t\t\t<\/div>\n\t\t<div class=\"elementor-element elementor-element-c762139 e-flex e-con-boxed e-con e-child\" data-id=\"c762139\" data-element_type=\"container\" data-e-type=\"container\">\n\t\t\t\t\t<div class=\"e-con-inner\">\n\t\t\t\t<div class=\"elementor-element elementor-element-8802e2a elementor-widget elementor-widget-image\" data-id=\"8802e2a\" data-element_type=\"widget\" data-e-type=\"widget\" data-widget_type=\"image.default\">\n\t\t\t\t<div class=\"elementor-widget-container\">\n\t\t\t\t\t\t\t\t\t\t\t\t\t\t\t<img loading=\"lazy\" decoding=\"async\" width=\"762\" height=\"762\" src=\"https:\/\/ligadefutboldelatlantico.com\/wp-content\/uploads\/2025\/05\/Samuel-Morales-e1748365922612.jpg\" class=\"attachment-full size-full wp-image-2725\" alt=\"\" srcset=\"https:\/\/ligadefutboldelatlantico.com\/wp-content\/uploads\/2025\/05\/Samuel-Morales-e1748365922612.jpg 762w, https:\/\/ligadefutboldelatlantico.com\/wp-content\/uploads\/2025\/05\/Samuel-Morales-e1748365922612-300x300.jpg 300w, https:\/\/ligadefutboldelatlantico.com\/wp-content\/uploads\/2025\/05\/Samuel-Morales-e1748365922612-150x150.jpg 150w, https:\/\/ligadefutboldelatlantico.com\/wp-content\/uploads\/2025\/05\/Samuel-Morales-e1748365922612-600x600.jpg 600w, https:\/\/ligadefutboldelatlantico.com\/wp-content\/uploads\/2025\/05\/Samuel-Morales-e1748365922612-100x100.jpg 100w\" sizes=\"(max-width: 762px) 100vw, 762px\" \/>\t\t\t\t\t\t\t\t\t\t\t\t\t\t\t<\/div>\n\t\t\t\t<\/div>\n\t\t\t\t<div class=\"elementor-element elementor-element-564124f elementor-absolute elementor-widget elementor-widget-heading\" data-id=\"564124f\" data-element_type=\"widget\" data-e-type=\"widget\" data-settings=\"{&quot;_position&quot;:&quot;absolute&quot;}\" data-widget_type=\"heading.default\">\n\t\t\t\t<div class=\"elementor-widget-container\">\n\t\t\t\t\t<h2 class=\"elementor-heading-title elementor-size-default\">Jugador<\/h2>\t\t\t\t<\/div>\n\t\t\t\t<\/div>\n\t\t\t\t<div class=\"elementor-element elementor-element-4a4bde3 elementor-widget elementor-widget-heading\" data-id=\"4a4bde3\" data-element_type=\"widget\" data-e-type=\"widget\" data-widget_type=\"heading.default\">\n\t\t\t\t<div class=\"elementor-widget-container\">\n\t\t\t\t\t<h2 class=\"elementor-heading-title elementor-size-default\">Daniel Pineda<\/h2>\t\t\t\t<\/div>\n\t\t\t\t<\/div>\n\t\t\t\t\t<\/div>\n\t\t\t\t<\/div>\n\t\t<div class=\"elementor-element elementor-element-d551eaa e-flex e-con-boxed e-con e-child\" data-id=\"d551eaa\" data-element_type=\"container\" data-e-type=\"container\">\n\t\t\t\t\t<div class=\"e-con-inner\">\n\t\t\t\t<div class=\"elementor-element elementor-element-214f517 elementor-widget elementor-widget-image\" data-id=\"214f517\" data-element_type=\"widget\" data-e-type=\"widget\" data-widget_type=\"image.default\">\n\t\t\t\t<div class=\"elementor-widget-container\">\n\t\t\t\t\t\t\t\t\t\t\t\t\t\t\t<img loading=\"lazy\" decoding=\"async\" width=\"708\" height=\"708\" src=\"https:\/\/ligadefutboldelatlantico.com\/wp-content\/uploads\/2025\/05\/Junior-Brito-e1748376937532.jpg\" class=\"attachment-full size-full wp-image-2738\" alt=\"\" srcset=\"https:\/\/ligadefutboldelatlantico.com\/wp-content\/uploads\/2025\/05\/Junior-Brito-e1748376937532.jpg 708w, https:\/\/ligadefutboldelatlantico.com\/wp-content\/uploads\/2025\/05\/Junior-Brito-e1748376937532-300x300.jpg 300w, https:\/\/ligadefutboldelatlantico.com\/wp-content\/uploads\/2025\/05\/Junior-Brito-e1748376937532-150x150.jpg 150w, https:\/\/ligadefutboldelatlantico.com\/wp-content\/uploads\/2025\/05\/Junior-Brito-e1748376937532-600x600.jpg 600w, https:\/\/ligadefutboldelatlantico.com\/wp-content\/uploads\/2025\/05\/Junior-Brito-e1748376937532-100x100.jpg 100w\" sizes=\"(max-width: 708px) 100vw, 708px\" \/>\t\t\t\t\t\t\t\t\t\t\t\t\t\t\t<\/div>\n\t\t\t\t<\/div>\n\t\t\t\t<div class=\"elementor-element elementor-element-8327b45 elementor-absolute elementor-widget elementor-widget-heading\" data-id=\"8327b45\" data-element_type=\"widget\" data-e-type=\"widget\" data-settings=\"{&quot;_position&quot;:&quot;absolute&quot;}\" data-widget_type=\"heading.default\">\n\t\t\t\t<div class=\"elementor-widget-container\">\n\t\t\t\t\t<h2 class=\"elementor-heading-title elementor-size-default\">Jugador<\/h2>\t\t\t\t<\/div>\n\t\t\t\t<\/div>\n\t\t\t\t<div class=\"elementor-element elementor-element-e38599e elementor-widget elementor-widget-heading\" data-id=\"e38599e\" data-element_type=\"widget\" data-e-type=\"widget\" data-widget_type=\"heading.default\">\n\t\t\t\t<div class=\"elementor-widget-container\">\n\t\t\t\t\t<h2 class=\"elementor-heading-title elementor-size-default\">Junior Britto<\/h2>\t\t\t\t<\/div>\n\t\t\t\t<\/div>\n\t\t\t\t\t<\/div>\n\t\t\t\t<\/div>\n\t\t<div class=\"elementor-element elementor-element-060c334 e-flex e-con-boxed e-con e-child\" data-id=\"060c334\" data-element_type=\"container\" data-e-type=\"container\">\n\t\t\t\t\t<div class=\"e-con-inner\">\n\t\t\t\t<div class=\"elementor-element elementor-element-5209b86 elementor-widget elementor-widget-image\" data-id=\"5209b86\" data-element_type=\"widget\" data-e-type=\"widget\" data-widget_type=\"image.default\">\n\t\t\t\t<div class=\"elementor-widget-container\">\n\t\t\t\t\t\t\t\t\t\t\t\t\t\t\t<img loading=\"lazy\" decoding=\"async\" width=\"813\" height=\"813\" src=\"https:\/\/ligadefutboldelatlantico.com\/wp-content\/uploads\/2025\/05\/Billy-Jhorman-e1748377155707.jpg\" class=\"attachment-full size-full wp-image-2740\" alt=\"\" srcset=\"https:\/\/ligadefutboldelatlantico.com\/wp-content\/uploads\/2025\/05\/Billy-Jhorman-e1748377155707.jpg 813w, https:\/\/ligadefutboldelatlantico.com\/wp-content\/uploads\/2025\/05\/Billy-Jhorman-e1748377155707-300x300.jpg 300w, https:\/\/ligadefutboldelatlantico.com\/wp-content\/uploads\/2025\/05\/Billy-Jhorman-e1748377155707-150x150.jpg 150w, https:\/\/ligadefutboldelatlantico.com\/wp-content\/uploads\/2025\/05\/Billy-Jhorman-e1748377155707-768x768.jpg 768w, https:\/\/ligadefutboldelatlantico.com\/wp-content\/uploads\/2025\/05\/Billy-Jhorman-e1748377155707-600x600.jpg 600w, https:\/\/ligadefutboldelatlantico.com\/wp-content\/uploads\/2025\/05\/Billy-Jhorman-e1748377155707-100x100.jpg 100w\" sizes=\"(max-width: 813px) 100vw, 813px\" \/>\t\t\t\t\t\t\t\t\t\t\t\t\t\t\t<\/div>\n\t\t\t\t<\/div>\n\t\t\t\t<div class=\"elementor-element elementor-element-25a15e2 elementor-absolute elementor-widget elementor-widget-heading\" data-id=\"25a15e2\" data-element_type=\"widget\" data-e-type=\"widget\" data-settings=\"{&quot;_position&quot;:&quot;absolute&quot;}\" data-widget_type=\"heading.default\">\n\t\t\t\t<div class=\"elementor-widget-container\">\n\t\t\t\t\t<h2 class=\"elementor-heading-title elementor-size-default\">Jugador<\/h2>\t\t\t\t<\/div>\n\t\t\t\t<\/div>\n\t\t\t\t<div class=\"elementor-element elementor-element-98b4020 elementor-widget elementor-widget-heading\" data-id=\"98b4020\" data-element_type=\"widget\" data-e-type=\"widget\" data-widget_type=\"heading.default\">\n\t\t\t\t<div class=\"elementor-widget-container\">\n\t\t\t\t\t<h2 class=\"elementor-heading-title elementor-size-default\">Billy Jhorman<\/h2>\t\t\t\t<\/div>\n\t\t\t\t<\/div>\n\t\t\t\t\t<\/div>\n\t\t\t\t<\/div>\n\t\t<div class=\"elementor-element elementor-element-adb835c e-flex e-con-boxed e-con e-child\" data-id=\"adb835c\" data-element_type=\"container\" data-e-type=\"container\">\n\t\t\t\t\t<div class=\"e-con-inner\">\n\t\t\t\t<div class=\"elementor-element elementor-element-bf6062d elementor-widget elementor-widget-image\" data-id=\"bf6062d\" data-element_type=\"widget\" data-e-type=\"widget\" data-widget_type=\"image.default\">\n\t\t\t\t<div class=\"elementor-widget-container\">\n\t\t\t\t\t\t\t\t\t\t\t\t\t\t\t<img loading=\"lazy\" decoding=\"async\" width=\"796\" height=\"796\" src=\"https:\/\/ligadefutboldelatlantico.com\/wp-content\/uploads\/2025\/05\/Sebastian-Martinez-1-1-e1748377199813.jpg\" class=\"attachment-full size-full wp-image-2741\" alt=\"\" srcset=\"https:\/\/ligadefutboldelatlantico.com\/wp-content\/uploads\/2025\/05\/Sebastian-Martinez-1-1-e1748377199813.jpg 796w, https:\/\/ligadefutboldelatlantico.com\/wp-content\/uploads\/2025\/05\/Sebastian-Martinez-1-1-e1748377199813-300x300.jpg 300w, https:\/\/ligadefutboldelatlantico.com\/wp-content\/uploads\/2025\/05\/Sebastian-Martinez-1-1-e1748377199813-150x150.jpg 150w, https:\/\/ligadefutboldelatlantico.com\/wp-content\/uploads\/2025\/05\/Sebastian-Martinez-1-1-e1748377199813-768x768.jpg 768w, https:\/\/ligadefutboldelatlantico.com\/wp-content\/uploads\/2025\/05\/Sebastian-Martinez-1-1-e1748377199813-600x600.jpg 600w, https:\/\/ligadefutboldelatlantico.com\/wp-content\/uploads\/2025\/05\/Sebastian-Martinez-1-1-e1748377199813-100x100.jpg 100w\" sizes=\"(max-width: 796px) 100vw, 796px\" \/>\t\t\t\t\t\t\t\t\t\t\t\t\t\t\t<\/div>\n\t\t\t\t<\/div>\n\t\t\t\t<div class=\"elementor-element elementor-element-561e33a elementor-absolute elementor-widget elementor-widget-heading\" data-id=\"561e33a\" data-element_type=\"widget\" data-e-type=\"widget\" data-settings=\"{&quot;_position&quot;:&quot;absolute&quot;}\" data-widget_type=\"heading.default\">\n\t\t\t\t<div class=\"elementor-widget-container\">\n\t\t\t\t\t<h2 class=\"elementor-heading-title elementor-size-default\">Jugador<\/h2>\t\t\t\t<\/div>\n\t\t\t\t<\/div>\n\t\t\t\t<div class=\"elementor-element elementor-element-b675024 elementor-widget elementor-widget-heading\" data-id=\"b675024\" data-element_type=\"widget\" data-e-type=\"widget\" data-widget_type=\"heading.default\">\n\t\t\t\t<div class=\"elementor-widget-container\">\n\t\t\t\t\t<h2 class=\"elementor-heading-title elementor-size-default\">Sebastian Martinez<\/h2>\t\t\t\t<\/div>\n\t\t\t\t<\/div>\n\t\t\t\t\t<\/div>\n\t\t\t\t<\/div>\n\t\t<div class=\"elementor-element elementor-element-b50a063 e-flex e-con-boxed e-con e-child\" data-id=\"b50a063\" data-element_type=\"container\" data-e-type=\"container\">\n\t\t\t\t\t<div class=\"e-con-inner\">\n\t\t\t\t<div class=\"elementor-element elementor-element-ee33afb elementor-widget elementor-widget-image\" data-id=\"ee33afb\" data-element_type=\"widget\" data-e-type=\"widget\" data-widget_type=\"image.default\">\n\t\t\t\t<div class=\"elementor-widget-container\">\n\t\t\t\t\t\t\t\t\t\t\t\t\t\t\t<img loading=\"lazy\" decoding=\"async\" width=\"743\" height=\"743\" src=\"https:\/\/ligadefutboldelatlantico.com\/wp-content\/uploads\/2025\/05\/Brainer-Pino-e1748377267501.jpg\" class=\"attachment-full size-full wp-image-2742\" alt=\"\" srcset=\"https:\/\/ligadefutboldelatlantico.com\/wp-content\/uploads\/2025\/05\/Brainer-Pino-e1748377267501.jpg 743w, https:\/\/ligadefutboldelatlantico.com\/wp-content\/uploads\/2025\/05\/Brainer-Pino-e1748377267501-300x300.jpg 300w, https:\/\/ligadefutboldelatlantico.com\/wp-content\/uploads\/2025\/05\/Brainer-Pino-e1748377267501-150x150.jpg 150w, https:\/\/ligadefutboldelatlantico.com\/wp-content\/uploads\/2025\/05\/Brainer-Pino-e1748377267501-600x600.jpg 600w, https:\/\/ligadefutboldelatlantico.com\/wp-content\/uploads\/2025\/05\/Brainer-Pino-e1748377267501-100x100.jpg 100w\" sizes=\"(max-width: 743px) 100vw, 743px\" \/>\t\t\t\t\t\t\t\t\t\t\t\t\t\t\t<\/div>\n\t\t\t\t<\/div>\n\t\t\t\t<div class=\"elementor-element elementor-element-b23ac3d elementor-absolute elementor-widget elementor-widget-heading\" data-id=\"b23ac3d\" data-element_type=\"widget\" data-e-type=\"widget\" data-settings=\"{&quot;_position&quot;:&quot;absolute&quot;}\" data-widget_type=\"heading.default\">\n\t\t\t\t<div class=\"elementor-widget-container\">\n\t\t\t\t\t<h2 class=\"elementor-heading-title elementor-size-default\">Jugador<\/h2>\t\t\t\t<\/div>\n\t\t\t\t<\/div>\n\t\t\t\t<div class=\"elementor-element elementor-element-a2d00e1 elementor-widget elementor-widget-heading\" data-id=\"a2d00e1\" data-element_type=\"widget\" data-e-type=\"widget\" data-widget_type=\"heading.default\">\n\t\t\t\t<div class=\"elementor-widget-container\">\n\t\t\t\t\t<h2 class=\"elementor-heading-title elementor-size-default\">Brainer Pino<\/h2>\t\t\t\t<\/div>\n\t\t\t\t<\/div>\n\t\t\t\t\t<\/div>\n\t\t\t\t<\/div>\n\t\t<div class=\"elementor-element elementor-element-ae5bff4 e-flex e-con-boxed e-con e-child\" data-id=\"ae5bff4\" data-element_type=\"container\" data-e-type=\"container\">\n\t\t\t\t\t<div class=\"e-con-inner\">\n\t\t\t\t<div class=\"elementor-element elementor-element-6f3a620 elementor-widget elementor-widget-image\" data-id=\"6f3a620\" data-element_type=\"widget\" data-e-type=\"widget\" data-widget_type=\"image.default\">\n\t\t\t\t<div class=\"elementor-widget-container\">\n\t\t\t\t\t\t\t\t\t\t\t\t\t\t\t<img loading=\"lazy\" decoding=\"async\" width=\"806\" height=\"806\" src=\"https:\/\/ligadefutboldelatlantico.com\/wp-content\/uploads\/2025\/05\/Jairo-Torres--e1748377304972.jpg\" class=\"attachment-full size-full wp-image-2743\" alt=\"\" srcset=\"https:\/\/ligadefutboldelatlantico.com\/wp-content\/uploads\/2025\/05\/Jairo-Torres--e1748377304972.jpg 806w, https:\/\/ligadefutboldelatlantico.com\/wp-content\/uploads\/2025\/05\/Jairo-Torres--e1748377304972-300x300.jpg 300w, https:\/\/ligadefutboldelatlantico.com\/wp-content\/uploads\/2025\/05\/Jairo-Torres--e1748377304972-150x150.jpg 150w, https:\/\/ligadefutboldelatlantico.com\/wp-content\/uploads\/2025\/05\/Jairo-Torres--e1748377304972-768x768.jpg 768w, https:\/\/ligadefutboldelatlantico.com\/wp-content\/uploads\/2025\/05\/Jairo-Torres--e1748377304972-600x600.jpg 600w, https:\/\/ligadefutboldelatlantico.com\/wp-content\/uploads\/2025\/05\/Jairo-Torres--e1748377304972-100x100.jpg 100w\" sizes=\"(max-width: 806px) 100vw, 806px\" \/>\t\t\t\t\t\t\t\t\t\t\t\t\t\t\t<\/div>\n\t\t\t\t<\/div>\n\t\t\t\t<div class=\"elementor-element elementor-element-40e835b elementor-absolute elementor-widget elementor-widget-heading\" data-id=\"40e835b\" data-element_type=\"widget\" data-e-type=\"widget\" data-settings=\"{&quot;_position&quot;:&quot;absolute&quot;}\" data-widget_type=\"heading.default\">\n\t\t\t\t<div class=\"elementor-widget-container\">\n\t\t\t\t\t<h2 class=\"elementor-heading-title elementor-size-default\">Jugador<\/h2>\t\t\t\t<\/div>\n\t\t\t\t<\/div>\n\t\t\t\t<div class=\"elementor-element elementor-element-80a4a8c elementor-widget elementor-widget-heading\" data-id=\"80a4a8c\" data-element_type=\"widget\" data-e-type=\"widget\" data-widget_type=\"heading.default\">\n\t\t\t\t<div class=\"elementor-widget-container\">\n\t\t\t\t\t<h2 class=\"elementor-heading-title elementor-size-default\">Jairo Torres<\/h2>\t\t\t\t<\/div>\n\t\t\t\t<\/div>\n\t\t\t\t\t<\/div>\n\t\t\t\t<\/div>\n\t\t<div class=\"elementor-element elementor-element-3dcc501 e-flex e-con-boxed e-con e-child\" data-id=\"3dcc501\" data-element_type=\"container\" data-e-type=\"container\">\n\t\t\t\t\t<div class=\"e-con-inner\">\n\t\t\t\t<div class=\"elementor-element elementor-element-c2ee24a elementor-widget elementor-widget-image\" data-id=\"c2ee24a\" data-element_type=\"widget\" data-e-type=\"widget\" data-widget_type=\"image.default\">\n\t\t\t\t<div class=\"elementor-widget-container\">\n\t\t\t\t\t\t\t\t\t\t\t\t\t\t\t<img loading=\"lazy\" decoding=\"async\" width=\"794\" height=\"794\" src=\"https:\/\/ligadefutboldelatlantico.com\/wp-content\/uploads\/2025\/05\/Emerson-Martinez-e1748377357998.jpg\" class=\"attachment-full size-full wp-image-2744\" alt=\"\" srcset=\"https:\/\/ligadefutboldelatlantico.com\/wp-content\/uploads\/2025\/05\/Emerson-Martinez-e1748377357998.jpg 794w, https:\/\/ligadefutboldelatlantico.com\/wp-content\/uploads\/2025\/05\/Emerson-Martinez-e1748377357998-300x300.jpg 300w, https:\/\/ligadefutboldelatlantico.com\/wp-content\/uploads\/2025\/05\/Emerson-Martinez-e1748377357998-150x150.jpg 150w, https:\/\/ligadefutboldelatlantico.com\/wp-content\/uploads\/2025\/05\/Emerson-Martinez-e1748377357998-768x768.jpg 768w, https:\/\/ligadefutboldelatlantico.com\/wp-content\/uploads\/2025\/05\/Emerson-Martinez-e1748377357998-600x600.jpg 600w, https:\/\/ligadefutboldelatlantico.com\/wp-content\/uploads\/2025\/05\/Emerson-Martinez-e1748377357998-100x100.jpg 100w\" sizes=\"(max-width: 794px) 100vw, 794px\" \/>\t\t\t\t\t\t\t\t\t\t\t\t\t\t\t<\/div>\n\t\t\t\t<\/div>\n\t\t\t\t<div class=\"elementor-element elementor-element-a1e4432 elementor-absolute elementor-widget elementor-widget-heading\" data-id=\"a1e4432\" data-element_type=\"widget\" data-e-type=\"widget\" data-settings=\"{&quot;_position&quot;:&quot;absolute&quot;}\" data-widget_type=\"heading.default\">\n\t\t\t\t<div class=\"elementor-widget-container\">\n\t\t\t\t\t<h2 class=\"elementor-heading-title elementor-size-default\">Jugador<\/h2>\t\t\t\t<\/div>\n\t\t\t\t<\/div>\n\t\t\t\t<div class=\"elementor-element elementor-element-d1bcd70 elementor-widget elementor-widget-heading\" data-id=\"d1bcd70\" data-element_type=\"widget\" data-e-type=\"widget\" data-widget_type=\"heading.default\">\n\t\t\t\t<div class=\"elementor-widget-container\">\n\t\t\t\t\t<h2 class=\"elementor-heading-title elementor-size-default\">Emerson Martinez<\/h2>\t\t\t\t<\/div>\n\t\t\t\t<\/div>\n\t\t\t\t\t<\/div>\n\t\t\t\t<\/div>\n\t\t<div class=\"elementor-element elementor-element-fd5095d e-flex e-con-boxed e-con e-child\" data-id=\"fd5095d\" data-element_type=\"container\" data-e-type=\"container\">\n\t\t\t\t\t<div class=\"e-con-inner\">\n\t\t\t\t<div class=\"elementor-element elementor-element-4676cfb elementor-widget elementor-widget-image\" data-id=\"4676cfb\" data-element_type=\"widget\" data-e-type=\"widget\" data-widget_type=\"image.default\">\n\t\t\t\t<div class=\"elementor-widget-container\">\n\t\t\t\t\t\t\t\t\t\t\t\t\t\t\t<img loading=\"lazy\" decoding=\"async\" width=\"804\" height=\"804\" src=\"https:\/\/ligadefutboldelatlantico.com\/wp-content\/uploads\/2025\/05\/Evaldo-Perez-e1748377429441.jpg\" class=\"attachment-full size-full wp-image-2745\" alt=\"\" srcset=\"https:\/\/ligadefutboldelatlantico.com\/wp-content\/uploads\/2025\/05\/Evaldo-Perez-e1748377429441.jpg 804w, https:\/\/ligadefutboldelatlantico.com\/wp-content\/uploads\/2025\/05\/Evaldo-Perez-e1748377429441-300x300.jpg 300w, https:\/\/ligadefutboldelatlantico.com\/wp-content\/uploads\/2025\/05\/Evaldo-Perez-e1748377429441-150x150.jpg 150w, https:\/\/ligadefutboldelatlantico.com\/wp-content\/uploads\/2025\/05\/Evaldo-Perez-e1748377429441-768x768.jpg 768w, https:\/\/ligadefutboldelatlantico.com\/wp-content\/uploads\/2025\/05\/Evaldo-Perez-e1748377429441-600x600.jpg 600w, https:\/\/ligadefutboldelatlantico.com\/wp-content\/uploads\/2025\/05\/Evaldo-Perez-e1748377429441-100x100.jpg 100w\" sizes=\"(max-width: 804px) 100vw, 804px\" \/>\t\t\t\t\t\t\t\t\t\t\t\t\t\t\t<\/div>\n\t\t\t\t<\/div>\n\t\t\t\t<div class=\"elementor-element elementor-element-8b13b75 elementor-absolute elementor-widget elementor-widget-heading\" data-id=\"8b13b75\" data-element_type=\"widget\" data-e-type=\"widget\" data-settings=\"{&quot;_position&quot;:&quot;absolute&quot;}\" data-widget_type=\"heading.default\">\n\t\t\t\t<div class=\"elementor-widget-container\">\n\t\t\t\t\t<h2 class=\"elementor-heading-title elementor-size-default\">Jugador<\/h2>\t\t\t\t<\/div>\n\t\t\t\t<\/div>\n\t\t\t\t<div class=\"elementor-element elementor-element-c7e7470 elementor-widget elementor-widget-heading\" data-id=\"c7e7470\" data-element_type=\"widget\" data-e-type=\"widget\" data-widget_type=\"heading.default\">\n\t\t\t\t<div class=\"elementor-widget-container\">\n\t\t\t\t\t<h2 class=\"elementor-heading-title elementor-size-default\">Evaldo P\u00e9rez<\/h2>\t\t\t\t<\/div>\n\t\t\t\t<\/div>\n\t\t\t\t\t<\/div>\n\t\t\t\t<\/div>\n\t\t<div class=\"elementor-element elementor-element-4bacbfe e-flex e-con-boxed e-con e-child\" data-id=\"4bacbfe\" data-element_type=\"container\" data-e-type=\"container\">\n\t\t\t\t\t<div class=\"e-con-inner\">\n\t\t\t\t<div class=\"elementor-element elementor-element-1eea61e elementor-widget elementor-widget-image\" data-id=\"1eea61e\" data-element_type=\"widget\" data-e-type=\"widget\" data-widget_type=\"image.default\">\n\t\t\t\t<div class=\"elementor-widget-container\">\n\t\t\t\t\t\t\t\t\t\t\t\t\t\t\t<img loading=\"lazy\" decoding=\"async\" width=\"780\" height=\"780\" src=\"https:\/\/ligadefutboldelatlantico.com\/wp-content\/uploads\/2025\/05\/Isaac-Martinez-e1748377483708.jpg\" class=\"attachment-full size-full wp-image-2746\" alt=\"\" srcset=\"https:\/\/ligadefutboldelatlantico.com\/wp-content\/uploads\/2025\/05\/Isaac-Martinez-e1748377483708.jpg 780w, https:\/\/ligadefutboldelatlantico.com\/wp-content\/uploads\/2025\/05\/Isaac-Martinez-e1748377483708-300x300.jpg 300w, https:\/\/ligadefutboldelatlantico.com\/wp-content\/uploads\/2025\/05\/Isaac-Martinez-e1748377483708-150x150.jpg 150w, https:\/\/ligadefutboldelatlantico.com\/wp-content\/uploads\/2025\/05\/Isaac-Martinez-e1748377483708-768x768.jpg 768w, https:\/\/ligadefutboldelatlantico.com\/wp-content\/uploads\/2025\/05\/Isaac-Martinez-e1748377483708-600x600.jpg 600w, https:\/\/ligadefutboldelatlantico.com\/wp-content\/uploads\/2025\/05\/Isaac-Martinez-e1748377483708-100x100.jpg 100w\" sizes=\"(max-width: 780px) 100vw, 780px\" \/>\t\t\t\t\t\t\t\t\t\t\t\t\t\t\t<\/div>\n\t\t\t\t<\/div>\n\t\t\t\t<div class=\"elementor-element elementor-element-c11aed2 elementor-absolute elementor-widget elementor-widget-heading\" data-id=\"c11aed2\" data-element_type=\"widget\" data-e-type=\"widget\" data-settings=\"{&quot;_position&quot;:&quot;absolute&quot;}\" data-widget_type=\"heading.default\">\n\t\t\t\t<div class=\"elementor-widget-container\">\n\t\t\t\t\t<h2 class=\"elementor-heading-title elementor-size-default\">Jugador<\/h2>\t\t\t\t<\/div>\n\t\t\t\t<\/div>\n\t\t\t\t<div class=\"elementor-element elementor-element-7022f61 elementor-widget elementor-widget-heading\" data-id=\"7022f61\" data-element_type=\"widget\" data-e-type=\"widget\" data-widget_type=\"heading.default\">\n\t\t\t\t<div class=\"elementor-widget-container\">\n\t\t\t\t\t<h2 class=\"elementor-heading-title elementor-size-default\">Isaac Mart\u00ednez<\/h2>\t\t\t\t<\/div>\n\t\t\t\t<\/div>\n\t\t\t\t\t<\/div>\n\t\t\t\t<\/div>\n\t\t<div class=\"elementor-element elementor-element-afc0cd6 e-flex e-con-boxed e-con e-child\" data-id=\"afc0cd6\" data-element_type=\"container\" data-e-type=\"container\">\n\t\t\t\t\t<div class=\"e-con-inner\">\n\t\t\t\t<div class=\"elementor-element elementor-element-f10ae39 elementor-widget elementor-widget-image\" data-id=\"f10ae39\" data-element_type=\"widget\" data-e-type=\"widget\" data-widget_type=\"image.default\">\n\t\t\t\t<div class=\"elementor-widget-container\">\n\t\t\t\t\t\t\t\t\t\t\t\t\t\t\t<img loading=\"lazy\" decoding=\"async\" width=\"749\" height=\"749\" src=\"https:\/\/ligadefutboldelatlantico.com\/wp-content\/uploads\/2025\/05\/Joel-Luna-e1748377563535.jpg\" class=\"attachment-full size-full wp-image-2747\" alt=\"\" srcset=\"https:\/\/ligadefutboldelatlantico.com\/wp-content\/uploads\/2025\/05\/Joel-Luna-e1748377563535.jpg 749w, https:\/\/ligadefutboldelatlantico.com\/wp-content\/uploads\/2025\/05\/Joel-Luna-e1748377563535-300x300.jpg 300w, https:\/\/ligadefutboldelatlantico.com\/wp-content\/uploads\/2025\/05\/Joel-Luna-e1748377563535-150x150.jpg 150w, https:\/\/ligadefutboldelatlantico.com\/wp-content\/uploads\/2025\/05\/Joel-Luna-e1748377563535-600x600.jpg 600w, https:\/\/ligadefutboldelatlantico.com\/wp-content\/uploads\/2025\/05\/Joel-Luna-e1748377563535-100x100.jpg 100w\" sizes=\"(max-width: 749px) 100vw, 749px\" \/>\t\t\t\t\t\t\t\t\t\t\t\t\t\t\t<\/div>\n\t\t\t\t<\/div>\n\t\t\t\t<div class=\"elementor-element elementor-element-b413a64 elementor-absolute elementor-widget elementor-widget-heading\" data-id=\"b413a64\" data-element_type=\"widget\" data-e-type=\"widget\" data-settings=\"{&quot;_position&quot;:&quot;absolute&quot;}\" data-widget_type=\"heading.default\">\n\t\t\t\t<div class=\"elementor-widget-container\">\n\t\t\t\t\t<h2 class=\"elementor-heading-title elementor-size-default\">Jugador<\/h2>\t\t\t\t<\/div>\n\t\t\t\t<\/div>\n\t\t\t\t<div class=\"elementor-element elementor-element-9b6ffd6 elementor-widget elementor-widget-heading\" data-id=\"9b6ffd6\" data-element_type=\"widget\" data-e-type=\"widget\" data-widget_type=\"heading.default\">\n\t\t\t\t<div class=\"elementor-widget-container\">\n\t\t\t\t\t<h2 class=\"elementor-heading-title elementor-size-default\">Joel Luna<\/h2>\t\t\t\t<\/div>\n\t\t\t\t<\/div>\n\t\t\t\t\t<\/div>\n\t\t\t\t<\/div>\n\t\t<div class=\"elementor-element elementor-element-a8b0fcc e-flex e-con-boxed e-con e-child\" data-id=\"a8b0fcc\" data-element_type=\"container\" data-e-type=\"container\">\n\t\t\t\t\t<div class=\"e-con-inner\">\n\t\t\t\t<div class=\"elementor-element elementor-element-db67959 elementor-widget elementor-widget-image\" data-id=\"db67959\" data-element_type=\"widget\" data-e-type=\"widget\" data-widget_type=\"image.default\">\n\t\t\t\t<div class=\"elementor-widget-container\">\n\t\t\t\t\t\t\t\t\t\t\t\t\t\t\t<img loading=\"lazy\" decoding=\"async\" width=\"784\" height=\"784\" src=\"https:\/\/ligadefutboldelatlantico.com\/wp-content\/uploads\/2025\/05\/Richard-Mauri-1-e1748377675156.jpg\" class=\"attachment-full size-full wp-image-2749\" alt=\"\" srcset=\"https:\/\/ligadefutboldelatlantico.com\/wp-content\/uploads\/2025\/05\/Richard-Mauri-1-e1748377675156.jpg 784w, https:\/\/ligadefutboldelatlantico.com\/wp-content\/uploads\/2025\/05\/Richard-Mauri-1-e1748377675156-300x300.jpg 300w, https:\/\/ligadefutboldelatlantico.com\/wp-content\/uploads\/2025\/05\/Richard-Mauri-1-e1748377675156-150x150.jpg 150w, https:\/\/ligadefutboldelatlantico.com\/wp-content\/uploads\/2025\/05\/Richard-Mauri-1-e1748377675156-768x768.jpg 768w, https:\/\/ligadefutboldelatlantico.com\/wp-content\/uploads\/2025\/05\/Richard-Mauri-1-e1748377675156-600x600.jpg 600w, https:\/\/ligadefutboldelatlantico.com\/wp-content\/uploads\/2025\/05\/Richard-Mauri-1-e1748377675156-100x100.jpg 100w\" sizes=\"(max-width: 784px) 100vw, 784px\" \/>\t\t\t\t\t\t\t\t\t\t\t\t\t\t\t<\/div>\n\t\t\t\t<\/div>\n\t\t\t\t<div class=\"elementor-element elementor-element-d9e266d elementor-absolute elementor-widget elementor-widget-heading\" data-id=\"d9e266d\" data-element_type=\"widget\" data-e-type=\"widget\" data-settings=\"{&quot;_position&quot;:&quot;absolute&quot;}\" data-widget_type=\"heading.default\">\n\t\t\t\t<div class=\"elementor-widget-container\">\n\t\t\t\t\t<h2 class=\"elementor-heading-title elementor-size-default\">Jugador<\/h2>\t\t\t\t<\/div>\n\t\t\t\t<\/div>\n\t\t\t\t<div class=\"elementor-element elementor-element-f184a81 elementor-widget elementor-widget-heading\" data-id=\"f184a81\" data-element_type=\"widget\" data-e-type=\"widget\" data-widget_type=\"heading.default\">\n\t\t\t\t<div class=\"elementor-widget-container\">\n\t\t\t\t\t<h2 class=\"elementor-heading-title elementor-size-default\">Richard Mauri<\/h2>\t\t\t\t<\/div>\n\t\t\t\t<\/div>\n\t\t\t\t\t<\/div>\n\t\t\t\t<\/div>\n\t\t<div class=\"elementor-element elementor-element-edbc11b e-flex e-con-boxed e-con e-child\" data-id=\"edbc11b\" data-element_type=\"container\" data-e-type=\"container\">\n\t\t\t\t\t<div class=\"e-con-inner\">\n\t\t\t\t<div class=\"elementor-element elementor-element-62c6099 elementor-widget elementor-widget-image\" data-id=\"62c6099\" data-element_type=\"widget\" data-e-type=\"widget\" data-widget_type=\"image.default\">\n\t\t\t\t<div class=\"elementor-widget-container\">\n\t\t\t\t\t\t\t\t\t\t\t\t\t\t\t<img loading=\"lazy\" decoding=\"async\" width=\"750\" height=\"750\" src=\"https:\/\/ligadefutboldelatlantico.com\/wp-content\/uploads\/2025\/05\/Ronald-Rios-3-e1748377750216.jpg\" class=\"attachment-full size-full wp-image-2750\" alt=\"\" srcset=\"https:\/\/ligadefutboldelatlantico.com\/wp-content\/uploads\/2025\/05\/Ronald-Rios-3-e1748377750216.jpg 750w, https:\/\/ligadefutboldelatlantico.com\/wp-content\/uploads\/2025\/05\/Ronald-Rios-3-e1748377750216-300x300.jpg 300w, https:\/\/ligadefutboldelatlantico.com\/wp-content\/uploads\/2025\/05\/Ronald-Rios-3-e1748377750216-150x150.jpg 150w, https:\/\/ligadefutboldelatlantico.com\/wp-content\/uploads\/2025\/05\/Ronald-Rios-3-e1748377750216-600x600.jpg 600w, https:\/\/ligadefutboldelatlantico.com\/wp-content\/uploads\/2025\/05\/Ronald-Rios-3-e1748377750216-100x100.jpg 100w\" sizes=\"(max-width: 750px) 100vw, 750px\" \/>\t\t\t\t\t\t\t\t\t\t\t\t\t\t\t<\/div>\n\t\t\t\t<\/div>\n\t\t\t\t<div class=\"elementor-element elementor-element-052a719 elementor-absolute elementor-widget elementor-widget-heading\" data-id=\"052a719\" data-element_type=\"widget\" data-e-type=\"widget\" data-settings=\"{&quot;_position&quot;:&quot;absolute&quot;}\" data-widget_type=\"heading.default\">\n\t\t\t\t<div class=\"elementor-widget-container\">\n\t\t\t\t\t<h2 class=\"elementor-heading-title elementor-size-default\">Jugador<\/h2>\t\t\t\t<\/div>\n\t\t\t\t<\/div>\n\t\t\t\t<div class=\"elementor-element elementor-element-c2a2433 elementor-widget elementor-widget-heading\" data-id=\"c2a2433\" data-element_type=\"widget\" data-e-type=\"widget\" data-widget_type=\"heading.default\">\n\t\t\t\t<div class=\"elementor-widget-container\">\n\t\t\t\t\t<h2 class=\"elementor-heading-title elementor-size-default\">Ronald Rios<\/h2>\t\t\t\t<\/div>\n\t\t\t\t<\/div>\n\t\t\t\t\t<\/div>\n\t\t\t\t<\/div>\n\t\t<div class=\"elementor-element elementor-element-3690370 e-flex e-con-boxed e-con e-child\" data-id=\"3690370\" data-element_type=\"container\" data-e-type=\"container\">\n\t\t\t\t\t<div class=\"e-con-inner\">\n\t\t\t\t<div class=\"elementor-element elementor-element-6e7f5bb elementor-widget elementor-widget-image\" data-id=\"6e7f5bb\" data-element_type=\"widget\" data-e-type=\"widget\" data-widget_type=\"image.default\">\n\t\t\t\t<div class=\"elementor-widget-container\">\n\t\t\t\t\t\t\t\t\t\t\t\t\t\t\t<img loading=\"lazy\" decoding=\"async\" width=\"799\" height=\"799\" src=\"https:\/\/ligadefutboldelatlantico.com\/wp-content\/uploads\/2025\/05\/Emiliano-Ortega-e1748377915820.jpg\" class=\"attachment-full size-full wp-image-2751\" alt=\"\" srcset=\"https:\/\/ligadefutboldelatlantico.com\/wp-content\/uploads\/2025\/05\/Emiliano-Ortega-e1748377915820.jpg 799w, https:\/\/ligadefutboldelatlantico.com\/wp-content\/uploads\/2025\/05\/Emiliano-Ortega-e1748377915820-300x300.jpg 300w, https:\/\/ligadefutboldelatlantico.com\/wp-content\/uploads\/2025\/05\/Emiliano-Ortega-e1748377915820-150x150.jpg 150w, https:\/\/ligadefutboldelatlantico.com\/wp-content\/uploads\/2025\/05\/Emiliano-Ortega-e1748377915820-768x768.jpg 768w, https:\/\/ligadefutboldelatlantico.com\/wp-content\/uploads\/2025\/05\/Emiliano-Ortega-e1748377915820-600x600.jpg 600w, https:\/\/ligadefutboldelatlantico.com\/wp-content\/uploads\/2025\/05\/Emiliano-Ortega-e1748377915820-100x100.jpg 100w\" sizes=\"(max-width: 799px) 100vw, 799px\" \/>\t\t\t\t\t\t\t\t\t\t\t\t\t\t\t<\/div>\n\t\t\t\t<\/div>\n\t\t\t\t<div class=\"elementor-element elementor-element-dc3fb7f elementor-absolute elementor-widget elementor-widget-heading\" data-id=\"dc3fb7f\" data-element_type=\"widget\" data-e-type=\"widget\" data-settings=\"{&quot;_position&quot;:&quot;absolute&quot;}\" data-widget_type=\"heading.default\">\n\t\t\t\t<div class=\"elementor-widget-container\">\n\t\t\t\t\t<h2 class=\"elementor-heading-title elementor-size-default\">Jugador<\/h2>\t\t\t\t<\/div>\n\t\t\t\t<\/div>\n\t\t\t\t<div class=\"elementor-element elementor-element-c839333 elementor-widget elementor-widget-heading\" data-id=\"c839333\" data-element_type=\"widget\" data-e-type=\"widget\" data-widget_type=\"heading.default\">\n\t\t\t\t<div class=\"elementor-widget-container\">\n\t\t\t\t\t<h2 class=\"elementor-heading-title elementor-size-default\">Emiliano Ortega<\/h2>\t\t\t\t<\/div>\n\t\t\t\t<\/div>\n\t\t\t\t\t<\/div>\n\t\t\t\t<\/div>\n\t\t<div class=\"elementor-element elementor-element-445ad7c e-flex e-con-boxed e-con e-child\" data-id=\"445ad7c\" data-element_type=\"container\" data-e-type=\"container\">\n\t\t\t\t\t<div class=\"e-con-inner\">\n\t\t\t\t<div class=\"elementor-element elementor-element-297befb elementor-widget elementor-widget-image\" data-id=\"297befb\" data-element_type=\"widget\" data-e-type=\"widget\" data-widget_type=\"image.default\">\n\t\t\t\t<div class=\"elementor-widget-container\">\n\t\t\t\t\t\t\t\t\t\t\t\t\t\t\t<img loading=\"lazy\" decoding=\"async\" width=\"753\" height=\"753\" src=\"https:\/\/ligadefutboldelatlantico.com\/wp-content\/uploads\/2025\/06\/Luis-Coneo-1-e1748963004608.jpg\" class=\"attachment-full size-full wp-image-2773\" alt=\"\" srcset=\"https:\/\/ligadefutboldelatlantico.com\/wp-content\/uploads\/2025\/06\/Luis-Coneo-1-e1748963004608.jpg 753w, https:\/\/ligadefutboldelatlantico.com\/wp-content\/uploads\/2025\/06\/Luis-Coneo-1-e1748963004608-300x300.jpg 300w, https:\/\/ligadefutboldelatlantico.com\/wp-content\/uploads\/2025\/06\/Luis-Coneo-1-e1748963004608-150x150.jpg 150w, https:\/\/ligadefutboldelatlantico.com\/wp-content\/uploads\/2025\/06\/Luis-Coneo-1-e1748963004608-600x600.jpg 600w, https:\/\/ligadefutboldelatlantico.com\/wp-content\/uploads\/2025\/06\/Luis-Coneo-1-e1748963004608-100x100.jpg 100w\" sizes=\"(max-width: 753px) 100vw, 753px\" \/>\t\t\t\t\t\t\t\t\t\t\t\t\t\t\t<\/div>\n\t\t\t\t<\/div>\n\t\t\t\t<div class=\"elementor-element elementor-element-5235ca2 elementor-absolute elementor-widget elementor-widget-heading\" data-id=\"5235ca2\" data-element_type=\"widget\" data-e-type=\"widget\" data-settings=\"{&quot;_position&quot;:&quot;absolute&quot;}\" data-widget_type=\"heading.default\">\n\t\t\t\t<div class=\"elementor-widget-container\">\n\t\t\t\t\t<h2 class=\"elementor-heading-title elementor-size-default\">Jugador<\/h2>\t\t\t\t<\/div>\n\t\t\t\t<\/div>\n\t\t\t\t<div class=\"elementor-element elementor-element-667f328 elementor-widget elementor-widget-heading\" data-id=\"667f328\" data-element_type=\"widget\" data-e-type=\"widget\" data-widget_type=\"heading.default\">\n\t\t\t\t<div class=\"elementor-widget-container\">\n\t\t\t\t\t<h2 class=\"elementor-heading-title elementor-size-default\">Luis Coneo<\/h2>\t\t\t\t<\/div>\n\t\t\t\t<\/div>\n\t\t\t\t\t<\/div>\n\t\t\t\t<\/div>\n\t\t<div class=\"elementor-element elementor-element-32bd3f5 e-flex e-con-boxed e-con e-child\" data-id=\"32bd3f5\" data-element_type=\"container\" data-e-type=\"container\">\n\t\t\t\t\t<div class=\"e-con-inner\">\n\t\t\t\t<div class=\"elementor-element elementor-element-389e82d elementor-widget elementor-widget-image\" data-id=\"389e82d\" data-element_type=\"widget\" data-e-type=\"widget\" data-widget_type=\"image.default\">\n\t\t\t\t<div class=\"elementor-widget-container\">\n\t\t\t\t\t\t\t\t\t\t\t\t\t\t\t<img loading=\"lazy\" decoding=\"async\" width=\"841\" height=\"841\" src=\"https:\/\/ligadefutboldelatlantico.com\/wp-content\/uploads\/2025\/06\/Luis-Sanchez-1-e1748963164674.jpg\" class=\"attachment-full size-full wp-image-2774\" alt=\"\" srcset=\"https:\/\/ligadefutboldelatlantico.com\/wp-content\/uploads\/2025\/06\/Luis-Sanchez-1-e1748963164674.jpg 841w, https:\/\/ligadefutboldelatlantico.com\/wp-content\/uploads\/2025\/06\/Luis-Sanchez-1-e1748963164674-300x300.jpg 300w, https:\/\/ligadefutboldelatlantico.com\/wp-content\/uploads\/2025\/06\/Luis-Sanchez-1-e1748963164674-150x150.jpg 150w, https:\/\/ligadefutboldelatlantico.com\/wp-content\/uploads\/2025\/06\/Luis-Sanchez-1-e1748963164674-768x768.jpg 768w, https:\/\/ligadefutboldelatlantico.com\/wp-content\/uploads\/2025\/06\/Luis-Sanchez-1-e1748963164674-600x600.jpg 600w, https:\/\/ligadefutboldelatlantico.com\/wp-content\/uploads\/2025\/06\/Luis-Sanchez-1-e1748963164674-100x100.jpg 100w\" sizes=\"(max-width: 841px) 100vw, 841px\" \/>\t\t\t\t\t\t\t\t\t\t\t\t\t\t\t<\/div>\n\t\t\t\t<\/div>\n\t\t\t\t<div class=\"elementor-element elementor-element-14343b7 elementor-absolute elementor-widget elementor-widget-heading\" data-id=\"14343b7\" data-element_type=\"widget\" data-e-type=\"widget\" data-settings=\"{&quot;_position&quot;:&quot;absolute&quot;}\" data-widget_type=\"heading.default\">\n\t\t\t\t<div class=\"elementor-widget-container\">\n\t\t\t\t\t<h2 class=\"elementor-heading-title elementor-size-default\">Jugador<\/h2>\t\t\t\t<\/div>\n\t\t\t\t<\/div>\n\t\t\t\t<div class=\"elementor-element elementor-element-014662b elementor-widget elementor-widget-heading\" data-id=\"014662b\" data-element_type=\"widget\" data-e-type=\"widget\" data-widget_type=\"heading.default\">\n\t\t\t\t<div class=\"elementor-widget-container\">\n\t\t\t\t\t<h2 class=\"elementor-heading-title elementor-size-default\">Luis S\u00e1nchez<\/h2>\t\t\t\t<\/div>\n\t\t\t\t<\/div>\n\t\t\t\t\t<\/div>\n\t\t\t\t<\/div>\n\t\t<div class=\"elementor-element elementor-element-23a8671 e-flex e-con-boxed e-con e-child\" data-id=\"23a8671\" data-element_type=\"container\" data-e-type=\"container\">\n\t\t\t\t\t<div class=\"e-con-inner\">\n\t\t\t\t<div class=\"elementor-element elementor-element-b4729de elementor-widget elementor-widget-image\" data-id=\"b4729de\" data-element_type=\"widget\" data-e-type=\"widget\" data-widget_type=\"image.default\">\n\t\t\t\t<div class=\"elementor-widget-container\">\n\t\t\t\t\t\t\t\t\t\t\t\t\t\t\t<img loading=\"lazy\" decoding=\"async\" width=\"799\" height=\"799\" src=\"https:\/\/ligadefutboldelatlantico.com\/wp-content\/uploads\/2025\/06\/Samuel-Morales-1-e1748963992941.jpg\" class=\"attachment-full size-full wp-image-2775\" alt=\"\" srcset=\"https:\/\/ligadefutboldelatlantico.com\/wp-content\/uploads\/2025\/06\/Samuel-Morales-1-e1748963992941.jpg 799w, https:\/\/ligadefutboldelatlantico.com\/wp-content\/uploads\/2025\/06\/Samuel-Morales-1-e1748963992941-300x300.jpg 300w, https:\/\/ligadefutboldelatlantico.com\/wp-content\/uploads\/2025\/06\/Samuel-Morales-1-e1748963992941-150x150.jpg 150w, https:\/\/ligadefutboldelatlantico.com\/wp-content\/uploads\/2025\/06\/Samuel-Morales-1-e1748963992941-768x768.jpg 768w, https:\/\/ligadefutboldelatlantico.com\/wp-content\/uploads\/2025\/06\/Samuel-Morales-1-e1748963992941-600x600.jpg 600w, https:\/\/ligadefutboldelatlantico.com\/wp-content\/uploads\/2025\/06\/Samuel-Morales-1-e1748963992941-100x100.jpg 100w\" sizes=\"(max-width: 799px) 100vw, 799px\" \/>\t\t\t\t\t\t\t\t\t\t\t\t\t\t\t<\/div>\n\t\t\t\t<\/div>\n\t\t\t\t<div class=\"elementor-element elementor-element-e562d0c elementor-absolute elementor-widget elementor-widget-heading\" data-id=\"e562d0c\" data-element_type=\"widget\" data-e-type=\"widget\" data-settings=\"{&quot;_position&quot;:&quot;absolute&quot;}\" data-widget_type=\"heading.default\">\n\t\t\t\t<div class=\"elementor-widget-container\">\n\t\t\t\t\t<h2 class=\"elementor-heading-title elementor-size-default\">Jugador<\/h2>\t\t\t\t<\/div>\n\t\t\t\t<\/div>\n\t\t\t\t<div class=\"elementor-element elementor-element-6f51cc7 elementor-widget elementor-widget-heading\" data-id=\"6f51cc7\" data-element_type=\"widget\" data-e-type=\"widget\" data-widget_type=\"heading.default\">\n\t\t\t\t<div class=\"elementor-widget-container\">\n\t\t\t\t\t<h2 class=\"elementor-heading-title elementor-size-default\">Samuel Morales<\/h2>\t\t\t\t<\/div>\n\t\t\t\t<\/div>\n\t\t\t\t\t<\/div>\n\t\t\t\t<\/div>\n\t\t\t\t\t<\/div>\n\t\t\t\t<\/div>\n\t\t\t\t<\/div>\n\t\t","protected":false},"excerpt":{"rendered":"<p>SUB 17 MASCULINO Cuerpo T\u00e9cnico Gean Torres Cuerpo T\u00e9cnico Guiolith Venegas Cuerpo T\u00e9cnico Fredy Acu\u00f1a Cuerpo T\u00e9cnico Pedro Cantillo Cuerpo T\u00e9cnico Jorge Obreg\u00f3n Jugador Jorge Pertuz Cuerpo Tecnico Sebastian Martinez Jugador Santiago Castro Jugador Daniel Pineda Jugador Junior Britto Jugador Billy Jhorman Jugador Sebastian Martinez Jugador Brainer Pino Jugador Jairo Torres Jugador Emerson Martinez Jugador [&hellip;]<\/p>\n","protected":false},"author":4,"featured_media":0,"parent":51,"menu_order":0,"comment_status":"closed","ping_status":"closed","template":"elementor_header_footer","meta":{"footnotes":""},"class_list":["post-2698","page","type-page","status-publish","hentry"],"_hostinger_reach_plugin_has_subscription_block":false,"_hostinger_reach_plugin_is_elementor":false,"_links":{"self":[{"href":"https:\/\/ligadefutboldelatlantico.com\/index.php\/wp-json\/wp\/v2\/pages\/2698","targetHints":{"allow":["GET"]}}],"collection":[{"href":"https:\/\/ligadefutboldelatlantico.com\/index.php\/wp-json\/wp\/v2\/pages"}],"about":[{"href":"https:\/\/ligadefutboldelatlantico.com\/index.php\/wp-json\/wp\/v2\/types\/page"}],"author":[{"embeddable":true,"href":"https:\/\/ligadefutboldelatlantico.com\/index.php\/wp-json\/wp\/v2\/users\/4"}],"replies":[{"embeddable":true,"href":"https:\/\/ligadefutboldelatlantico.com\/index.php\/wp-json\/wp\/v2\/comments?post=2698"}],"version-history":[{"count":22,"href":"https:\/\/ligadefutboldelatlantico.com\/index.php\/wp-json\/wp\/v2\/pages\/2698\/revisions"}],"predecessor-version":[{"id":2816,"href":"https:\/\/ligadefutboldelatlantico.com\/index.php\/wp-json\/wp\/v2\/pages\/2698\/revisions\/2816"}],"up":[{"embeddable":true,"href":"https:\/\/ligadefutboldelatlantico.com\/index.php\/wp-json\/wp\/v2\/pages\/51"}],"wp:attachment":[{"href":"https:\/\/ligadefutboldelatlantico.com\/index.php\/wp-json\/wp\/v2\/media?parent=2698"}],"curies":[{"name":"wp","href":"https:\/\/api.w.org\/{rel}","templated":true}]}}